{"id":19,"date":"2019-04-21T13:00:12","date_gmt":"2019-04-21T13:00:12","guid":{"rendered":"http:\/\/image-trackers.de\/?page_id=19"},"modified":"2019-06-08T22:44:51","modified_gmt":"2019-06-08T22:44:51","slug":"datenschutzerklaerung","status":"publish","type":"page","link":"https:\/\/image-trackers.de\/?page_id=19","title":{"rendered":"Datenschutzerkl\u00e4rung"},"content":{"rendered":"\n<h2 class=\"wp-block-heading\">Impressum\/Datenschutz<\/h2>\n\n\n\n<p><strong>Impressum\/Datenschutz<\/strong><\/p>\n\n\n\n<p><strong>Angaben\ngem\u00e4\u00df \u00a7 5 TMG:<\/strong><\/p>\n\n\n\n<p><strong>Verantwortlich:<\/strong><\/p>\n\n\n\n<p>Hans-Dieter\nDoeblin<\/p>\n\n\n\n<p>M\u00e4rkischestr.\n64<\/p>\n\n\n\n<p>44141\nDortmund<\/p>\n\n\n\n<p><strong>Kontakt:<\/strong><\/p>\n\n\n\n<p>Tel: +49\n(0)231 912 82 70<\/p>\n\n\n\n<p>Email: info@image-trackers.de<\/p>\n\n\n\n<p><strong>Datenschutz\n<\/strong><\/p>\n\n\n\n<p>Der\nVerantwortliche im Sinne der Datenschutz-Grundverordnung (DSGVO) und anderer\nnationaler Datenschutzgesetze der Mitgliedsstaaten der EU sowie sonstiger\ndatenschutzrechtlicher Bestimmungen ist:<\/p>\n\n\n\n<p>Hans-Dieter\nDoeblin<\/p>\n\n\n\n<p>Autor<\/p>\n\n\n\n<p>M\u00e4rkischestr.\n64<\/p>\n\n\n\n<p>44141\nDortmund<\/p>\n\n\n\n<p><strong>Kontakt:<\/strong><\/p>\n\n\n\n<p>Tel: +49\n(0)231 912 82 70<\/p>\n\n\n\n<p>Email: fotowandler@web.de<\/p>\n\n\n\n<p><strong>1.\nAllgemeines zur Datenverarbeitung<\/strong><\/p>\n\n\n\n<p><strong>1.1.\nUmfang der Verarbeitung personenbezogener Daten<\/strong><\/p>\n\n\n\n<p>Wir\nverarbeiten personenbezogene Daten unserer Nutzer grunds\u00e4tzlich nur, soweit\ndies zur Bereitstellung einer funktionsf\u00e4higen Website sowie unserer Inhalte\nund Leistungen erforderlich ist. Die Verarbeitung personenbezogener Daten\nunserer Nutzer erfolgt regelm\u00e4\u00dfig nur nach Einwilligung des Nutzers. Eine\nAusnahme gilt in solchen F\u00e4llen, in denen eine vorherige Einholung einer\nEinwilligung aus tats\u00e4chlichen Gr\u00fcnden nicht m\u00f6glich ist und die Verarbeitung\nder Daten durch gesetzliche Vorschriften gestattet ist.<\/p>\n\n\n\n<p><strong>1.2.\nRechtsgrundlage f\u00fcr die Verarbeitung personenbezogener Daten<\/strong><\/p>\n\n\n\n<p>Soweit\nwir f\u00fcr Verarbeitungsvorg\u00e4nge personenbezogener Daten eine Einwilligung der\nbetroffenen Person einholen, dient Art. 6 Abs. 1 lit. a\nEU-Datenschutzgrundverordnung (DSGVO) als Rechtsgrundlage. Bei der Verarbeitung\nvon personenbezogenen Daten, die zur Erf\u00fcllung eines Vertrages, dessen\nVertragspartei die betroffene Person ist, erforderlich ist, dient Art. 6 Abs. 1\nlit. b DSGVO als Rechtsgrundlage. Dies gilt auch f\u00fcr Verarbeitungsvorg\u00e4nge, die\nzur Durchf\u00fchrung vorvertraglicher Ma\u00dfnahmen erforderlich sind.<\/p>\n\n\n\n<p>Soweit\neine Verarbeitung personenbezogener Daten zur Erf\u00fcllung einer rechtlichen\nVerpflichtung erforderlich ist, der unser Unternehmen unterliegt, dient Art. 6\nAbs. 1 lit. c DSGVO als Rechtsgrundlage. F\u00fcr den Fall, dass lebenswichtige\nInteressen der betroffenen Person oder einer anderen nat\u00fcrlichen Person eine\nVerarbeitung personenbezogener Daten erforderlich machen, dient Art. 6 Abs. 1\nlit. d DSGVO als Rechtsgrundlage. Ist die Verarbeitung zur Wahrung eines\nberechtigten Interesses unseres Unternehmens oder eines Dritten erforderlich\nund \u00fcberwiegen die Interessen, Grundrechte und Grundfreiheiten des Betroffenen\ndas erstgenannte Interesse nicht, so dient Art. 6 Abs. 1 lit. f DSGVO als\nRechtsgrundlage f\u00fcr die Verarbeitung.<\/p>\n\n\n\n<p><strong>1.3.\nDatenl\u00f6schung und Speicherdauer<\/strong><\/p>\n\n\n\n<p>Die\npersonenbezogenen Daten der betroffenen Person werden gel\u00f6scht oder gesperrt,\nsobald der Zweck der Speicherung entf\u00e4llt. Eine Speicherung kann dar\u00fcber hinaus\nerfolgen, wenn dies durch den europ\u00e4ischen oder nationalen Gesetzgeber in\nunionsrechtlichen Verordnungen, Gesetzen oder sonstigen Vorschriften, denen der\nVerantwortliche unterliegt, vorgesehen wurde. Eine Sperrung oder L\u00f6schung der\nDaten erfolgt auch dann, wenn eine durch die genannten Normen vorgeschriebene\nSpeicherfrist abl\u00e4uft, es sei denn, dass eine Erforderlichkeit zur weiteren\nSpeicherung der Daten f\u00fcr einen Vertragsabschluss oder eine Vertragserf\u00fcllung\nbesteht.<\/p>\n\n\n\n<p><strong>2.\nBereitstellung der Website und Erstellung von Logfiles<\/strong><\/p>\n\n\n\n<p><strong>2.1.\nBeschreibung und Umfang der Datenverarbeitung<\/strong><\/p>\n\n\n\n<p>Bei jedem\nAufruf unserer Internetseite erfasst unser System automatisiert Daten und\nInformationen vom Computersystem des aufrufenden Rechners.<br>\nFolgende Daten werden hierbei erhoben:<\/p>\n\n\n\n<ul class=\"wp-block-list\"><li>Informationen \u00fcber\n     den Browsertyp und die verwendete Version<\/li><li>Das Betriebssystem\n     des Nutzers<\/li><li>Den\n     Internet-Service-Provider des Nutzers<\/li><li>Die IP-Adresse des\n     Nutzers<\/li><li>Datum und Uhrzeit\n     des Zugriffs<\/li><li>Websites, von\n     denen das System des Nutzers auf unsere Internetseite gelangt<\/li><li>Websites, die vom\n     System des Nutzers \u00fcber unsere Website aufgerufen werden<\/li><\/ul>\n\n\n\n<p>Die Daten\nwerden ebenfalls in den Logfiles unseres Systems gespeichert. Eine Speicherung\ndieser Daten zusammen mit anderen personenbezogenen Daten des Nutzers findet\nnicht statt.<\/p>\n\n\n\n<p><strong>2.2.\nRechtsgrundlage f\u00fcr die Datenverarbeitung<\/strong><\/p>\n\n\n\n<p>Rechtsgrundlage\nf\u00fcr die vor\u00fcbergehende Speicherung der Daten und der Logfiles ist Art. 6 Abs. 1\nlit. f DSGVO.<\/p>\n\n\n\n<p><strong>2.3.\nZweck der Datenverarbeitung<\/strong><\/p>\n\n\n\n<p>Die\nvor\u00fcbergehende Speicherung der IP-Adresse durch das System ist notwendig, um\neine Auslieferung der Website an den Rechner des Nutzers zu erm\u00f6glichen.\nHierf\u00fcr muss die IP-Adresse des Nutzers f\u00fcr die Dauer der Sitzung gespeichert\nbleiben. Die Speicherung in Logfiles erfolgt, um die Funktionsf\u00e4higkeit der\nWebsite sicherzustellen. Zudem dienen uns die Daten zur Optimierung der Website\nund zur Sicherstellung der Sicherheit unserer informationstechnischen Systeme.\nEine Auswertung der Daten zu Marketingzwecken findet in diesem Zusammenhang\nnicht statt. In diesen Zwecken liegt auch unser berechtigtes Interesse an der\nDatenverarbeitung nach Art. 6 Abs. 1 lit. f DSGVO.<\/p>\n\n\n\n<p><strong>2.4.\nDauer der Speicherung<\/strong><\/p>\n\n\n\n<p>Die Daten\nwerden gel\u00f6scht, sobald sie f\u00fcr die Erreichung des Zweckes ihrer Erhebung nicht\nmehr erforderlich sind. Im Falle der Erfassung der Daten zur Bereitstellung der\nWebsite ist dies der Fall, wenn die jeweilige Sitzung beendet ist. Im Falle der\nSpeicherung der Daten in Logfiles ist dies nach sp\u00e4testens sieben Tagen der\nFall. Eine dar\u00fcberhinausgehende Speicherung ist m\u00f6glich. In diesem Fall werden\ndie IP-Adressen der Nutzer gel\u00f6scht oder verfremdet, sodass eine Zuordnung des\naufrufenden Clients nicht mehr m\u00f6glich ist.<\/p>\n\n\n\n<p><strong>2.5.\nWiderspruchs- und Beseitigungsm\u00f6glichkeit<\/strong><\/p>\n\n\n\n<p>Die\nErfassung der Daten zur Bereitstellung der Website und die Speicherung der\nDaten in Logfiles ist f\u00fcr den Betrieb der Internetseite zwingend erforderlich.\nEs besteht folglich seitens des Nutzers keine Widerspruchsm\u00f6glichkeit.<\/p>\n\n\n\n<p><strong>3.\nVerwendung von Cookies<\/strong><\/p>\n\n\n\n<p><strong>3.1.\nBeschreibung und Umfang der Datenverarbeitung<\/strong><\/p>\n\n\n\n<p>Unsere\nWebseite verwendet Cookies. Bei Cookies handelt es sich um Textdateien, die im\nInternetbrowser bzw. vom Internetbrowser auf dem Computersystem des Nutzers\ngespeichert werden. Ruft ein Nutzer eine Website auf, so kann ein Cookie auf\ndem Betriebssystem des Nutzers gespeichert werden. Dieser Cookie enth\u00e4lt eine\ncharakteristische Zeichenfolge, die eine eindeutige Identifizierung des\nBrowsers beim erneuten Aufrufen der Website erm\u00f6glicht.<\/p>\n\n\n\n<p>Wir\nverwenden auf unserer Website dar\u00fcber hinaus Cookies, die eine Analyse des\nSurfverhaltens der Nutzer erm\u00f6glichen. Auf diese Weise k\u00f6nnen folgende Daten \u00fcbermittelt\nwerden:<\/p>\n\n\n\n<ul class=\"wp-block-list\"><li>Eingegebene\n     Suchbegriffe<\/li><li>H\u00e4ufigkeit von\n     Seitenaufrufen<\/li><li>Inanspruchnahme\n     von Website-Funktionen<\/li><\/ul>\n\n\n\n<p>Die auf\ndiese Weise erhobenen Daten der Nutzer werden durch technische Vorkehrungen\npseudonymisiert. Daher ist eine Zuordnung der Daten zum aufrufenden Nutzer\nnicht mehr m\u00f6glich. Die Daten werden nicht gemeinsam mit sonstigen\npersonenbezogenen Daten der Nutzer gespeichert. Beim Aufruf unserer Website\nwerden die Nutzer durch einen Infobanner \u00fcber die Verwendung von Cookies zu\nAnalysezwecken informiert und auf diese Datenschutzerkl\u00e4rung verwiesen. Es\nerfolgt in diesem Zusammenhang auch ein Hinweis darauf, wie die Speicherung von\nCookies in den Browsereinstellungen unterbunden werden kann.<\/p>\n\n\n\n<p><strong>3.2.\nRechtsgrundlage f\u00fcr die Datenverarbeitung<\/strong><\/p>\n\n\n\n<p>Beim\nAufruf unserer Website wird der Nutzer \u00fcber die Verwendung von Cookies zu\nAnalysezwecken informiert und seine Einwilligung zur Verarbeitung der in diesem\nZusammenhang verwendeten personenbezogenen Daten eingeholt. In diesem\nZusammenhang erfolgt auch ein Hinweis auf diese Datenschutzerkl\u00e4rung. Die\nRechtsgrundlage f\u00fcr die Verarbeitung personenbezogener Daten unter Verwendung\nvon Cookies ist Art. 6 Abs. 1 lit. f DSGVO.<\/p>\n\n\n\n<p><strong>3.3.\nZweck der Datenverarbeitung<\/strong><\/p>\n\n\n\n<p>Der Zweck\nder Verwendung technisch notwendiger Cookies ist, die Nutzung von Websites f\u00fcr\ndie Nutzer zu vereinfachen. Einige Funktionen unserer Internetseite k\u00f6nnen ohne\nden Einsatz von Cookies nicht angeboten werden. F\u00fcr diese ist es erforderlich,\ndass der Browser auch nach einem Seitenwechsel wiedererkannt wird. Die Verwendung\nder Analyse-Cookies erfolgt zu dem Zweck, die Qualit\u00e4t unserer Website und ihre\nInhalte zu verbessern. Durch die Analyse-Cookies erfahren wir, wie die Website\ngenutzt wird und k\u00f6nnen so unser Angebot stetig optimieren. In diesen Zwecken\nliegt auch unser berechtigtes Interesse in der Verarbeitung der\npersonenbezogenen Daten nach Art. 6 Abs. 1 lit. f DSGVO.<\/p>\n\n\n\n<p><strong>3.4.\nDauer der Speicherung, Widerspruchs- und Beseitigungsm\u00f6glichkeit<\/strong><\/p>\n\n\n\n<p>Cookies\nwerden auf dem Rechner des Nutzers gespeichert und von diesem an unserer Seite\n\u00fcbermittelt. Daher haben Sie als Nutzer auch die volle Kontrolle \u00fcber die\nVerwendung von Cookies. Durch eine \u00c4nderung der Einstellungen in Ihrem\nInternetbrowser k\u00f6nnen Sie die \u00dcbertragung von Cookies deaktivieren oder\neinschr\u00e4nken. Bereits gespeicherte Cookies k\u00f6nnen jederzeit gel\u00f6scht werden.\nDies kann auch automatisiert erfolgen. Werden Cookies f\u00fcr unsere Website\ndeaktiviert, k\u00f6nnen m\u00f6glicherweise nicht mehr alle Funktionen der Website\nvollumf\u00e4nglich genutzt werden.<\/p>\n\n\n\n<p><strong>4.\nNewsletter<\/strong><\/p>\n\n\n\n<p><strong>4.1. Beschreibung\nund Umfang der Datenverarbeitung<\/strong><\/p>\n\n\n\n<p>Auf\nunserer Internetseite besteht die M\u00f6glichkeit einen kostenfreien Newsletter zu\nabonnieren. Dabei werden bei der Anmeldung zum Newsletter die Daten aus der\nEingabemaske an uns \u00fcbermittelt. Um sich f\u00fcr unseren kostenlosen Newsletter zu\nregistrieren, ist ein Nutzername sowie eine g\u00fctige E-Mail-Adresse des Nutzers\nanzugeben. Zudem werden folgende Daten bei der Anmeldung erhoben:<\/p>\n\n\n\n<ul class=\"wp-block-list\"><li>IP-Adresse des\n     aufrufenden Rechners<\/li><li>Datum und Uhrzeit\n     der Registrierung<\/li><\/ul>\n\n\n\n<p>F\u00fcr die\nVerarbeitung der Daten wird im Rahmen des Anmeldevorgangs Ihre Einwilligung\neingeholt und auf diese Datenschutzerkl\u00e4rung verwiesen. Es erfolgt im\nZusammenhang mit der Datenverarbeitung f\u00fcr den Versand von Newslettern keine\nWeitergabe der Daten an Dritte. Die Daten werden ausschlie\u00dflich f\u00fcr den Versand\ndes Newsletters verwendet.<\/p>\n\n\n\n<p><strong>4.2.\nRechtsgrundlage f\u00fcr die Datenverarbeitung<\/strong><\/p>\n\n\n\n<p>Rechtsgrundlage\nf\u00fcr die Verarbeitung der Daten nach Anmeldung zum Newsletters durch den Nutzer\nist bei Vorliegen einer Einwilligung des Nutzers Art. 6 Abs. 1 lit. a DSGVO.<\/p>\n\n\n\n<p><strong>4.3.\nZweck der Datenverarbeitung<\/strong><\/p>\n\n\n\n<p>Die\nErhebung der E-Mail-Adresse des Nutzers dient dazu, den Newsletter zuzustellen.\nDie Erhebung sonstiger personenbezogener Daten im Rahmen des Anmeldevorgangs\ndient dazu, einen Missbrauch der Dienste oder der verwendeten E-Mail-Adresse zu\nverhindern.<\/p>\n\n\n\n<p><strong>4.4.\nDauer der Speicherung<\/strong><\/p>\n\n\n\n<p>Die Daten\nwerden gel\u00f6scht, sobald sie f\u00fcr die Erreichung des Zweckes ihrer Erhebung nicht\nmehr erforderlich sind. Die E-Mail-Adresse des Nutzers wird demnach solange\ngespeichert, wie das Abonnement des Newsletters aktiv ist. Die sonstigen im\nRahmen des Anmeldevorgangs erhobenen personenbezogenen Daten werden in der\nRegel nach einer Frist von sieben Tagen gel\u00f6scht.<\/p>\n\n\n\n<p><strong>4.5.\nWiderspruchs- und Beseitigungsm\u00f6glichkeit<\/strong><\/p>\n\n\n\n<p>Das Abonnement\ndes Newsletters kann durch den betroffenen Nutzer jederzeit gek\u00fcndigt werden.\nZu diesem Zweck findet sich in jedem Newsletter ein entsprechender Link.\nHierdurch wird ebenfalls ein Widerruf der Einwilligung der Speicherung der\nw\u00e4hrend des Anmeldevorgangs erhobenen personenbezogenen Daten erm\u00f6glicht.<\/p>\n\n\n\n<p><strong>5.\nRegistrierung<\/strong><\/p>\n\n\n\n<p><strong>5.1.\nBeschreibung und Umfang der Datenverarbeitung<\/strong><\/p>\n\n\n\n<p>Auf\nunserer Internetseite bieten wir Nutzern die M\u00f6glichkeit, sich unter Angabe\npersonenbezogener Daten zu registrieren. Die Daten werden dabei in eine\nEingabemaske eingegeben und an uns \u00fcbermittelt und gespeichert. Eine Weitergabe\nder Daten an Dritte findet nicht statt. Folgende Daten werden im Rahmen des\nRegistrierungsprozesses erhoben:<\/p>\n\n\n\n<ul class=\"wp-block-list\"><li>Name und Vorname\n     des Nutzers<\/li><li>Stra\u00dfe und Hausnummer\n     des Nutzers<\/li><li>Postleitzahl und\n     Ort des Nutzers<\/li><li>Telefon und\/oder\n     E-Mail-Adresse des Nutzers<\/li><li>Webseite des\n     Nutzers<\/li><li>Pers\u00f6nliche\n     Angaben des Nutzers<\/li><\/ul>\n\n\n\n<p>Im\nZeitpunkt der Registrierung werden zudem folgende Daten gespeichert:<\/p>\n\n\n\n<ul class=\"wp-block-list\"><li>Die IP-Adresse des\n     Nutzers<\/li><li>Datum und Uhrzeit\n     der Registrierung<\/li><\/ul>\n\n\n\n<p>Im Rahmen\ndes Registrierungsprozesses wird eine Einwilligung des Nutzers zur Verarbeitung\ndieser Daten eingeholt.<\/p>\n\n\n\n<p><strong>5.2.\nRechtsgrundlage f\u00fcr die Datenverarbeitung<\/strong><\/p>\n\n\n\n<p>Rechtsgrundlage\nf\u00fcr die Verarbeitung der Daten ist bei Vorliegen einer Einwilligung des Nutzers\nArt. 6 Abs. 1 lit. a DSGVO.<\/p>\n\n\n\n<p><strong>5.3.\nZweck der Datenverarbeitung<\/strong><\/p>\n\n\n\n<p>Eine\nRegistrierung des Nutzers ist f\u00fcr das Bereithalten bestimmter Inhalte und\nLeistungen auf unserer Website erforderlich.<\/p>\n\n\n\n<p><strong>5.4.\nDauer der Speicherung<\/strong><\/p>\n\n\n\n<p>Die Daten\nwerden gel\u00f6scht, sobald sie f\u00fcr die Erreichung des Zweckes ihrer Erhebung nicht\nmehr erforderlich sind. Dies ist f\u00fcr die w\u00e4hrend des Registrierungsvorgangs\nerhobenen Daten der Fall, wenn die Registrierung auf unserer Internetseite\naufgehoben oder abge\u00e4ndert wird.<\/p>\n\n\n\n<p><strong>5.5.\nWiderspruchs- und Beseitigungsm\u00f6glichkeit<\/strong><\/p>\n\n\n\n<p>Als\nNutzer haben sie jederzeit die M\u00f6glichkeit, die Registrierung aufzul\u00f6sen. Die\n\u00fcber Sie gespeicherten Daten k\u00f6nnen Sie jederzeit ab\u00e4ndern lassen. Daf\u00fcr senden\nSie uns bitte eine E-Mail an kontakt@rottenplaces.de und teilen uns Ihren\nAufl\u00f6sungs- oder \u00c4nderungswunsch mit.<\/p>\n\n\n\n<p><strong>6.\nKontaktformular und E-Mail-Kontakt<\/strong><\/p>\n\n\n\n<p><strong>6.1.\nBeschreibung und Umfang der Datenverarbeitung<\/strong><\/p>\n\n\n\n<p>Auf\nunserer Internetseite ist ein Kontaktformular vorhanden, welches f\u00fcr die\nelektronische Kontaktaufnahme genutzt werden kann. Nimmt ein Nutzer diese\nM\u00f6glichkeit wahr, so werden die in der Eingabemaske eingegeben Daten an uns\n\u00fcbermittelt und gespeichert. Diese Daten sind:<\/p>\n\n\n\n<ul class=\"wp-block-list\"><li>Name und Vorname\n     des Nutzers<\/li><li>Stra\u00dfe und\n     Hausnummer des Nutzers<\/li><li>Postleitzahl und\n     Ort des Nutzers<\/li><li>Telefon und\/oder\n     E-Mail-Adresse des Nutzers<\/li><li>Webseite des\n     Nutzers<\/li><li>Pers\u00f6nliche\n     Angaben des Nutzers<\/li><\/ul>\n\n\n\n<p>Im\nZeitpunkt der Registrierung werden zudem folgende Daten gespeichert:<\/p>\n\n\n\n<ul class=\"wp-block-list\"><li>Die IP-Adresse des\n     Nutzers<\/li><li>Datum und Uhrzeit\n     der Registrierung<\/li><\/ul>\n\n\n\n<p>F\u00fcr die\nVerarbeitung der Daten wird im Rahmen des Absendevorgangs Ihre Einwilligung\neingeholt und auf diese Datenschutzerkl\u00e4rung verwiesen. Alternativ ist eine\nKontaktaufnahme \u00fcber die bereitgestellte E-Mail-Adresse m\u00f6glich. In diesem Fall\nwerden die mit der E-Mail \u00fcbermittelten personenbezogenen Daten des Nutzers\ngespeichert. Es erfolgt in diesem Zusammenhang keine Weitergabe der Daten an\nDritte. Die Daten werden ausschlie\u00dflich f\u00fcr die Verarbeitung der Konversation\nverwendet.<\/p>\n\n\n\n<p><strong>6.2.\nRechtsgrundlage f\u00fcr die Datenverarbeitung<\/strong><\/p>\n\n\n\n<p>Rechtsgrundlage\nf\u00fcr die Verarbeitung der Daten ist bei Vorliegen einer Einwilligung des Nutzers\nArt. 6 Abs. 1 lit. a DSGVO.<\/p>\n\n\n\n<p>Rechtsgrundlage\nf\u00fcr die Verarbeitung der Daten, die im Zuge einer \u00dcbersendung einer E-Mail\n\u00fcbermittelt werden, ist Art. 6 Abs. 1 lit. f DSGVO. Zielt der E-Mail-Kontakt\nauf den Abschluss eines Vertrages ab, so ist zus\u00e4tzliche Rechtsgrundlage f\u00fcr\ndie Verarbeitung Art. 6 Abs. 1 lit. b DSGVO.<\/p>\n\n\n\n<p><strong>6.3.\nZweck der Datenverarbeitung<\/strong><\/p>\n\n\n\n<p>Die\nVerarbeitung der personenbezogenen Daten aus der Eingabemaske dient uns allein\nzur Bearbeitung der Kontaktaufnahme. Im Falle einer Kontaktaufnahme per E-Mail\nliegt hieran auch das erforderliche berechtigte Interesse an der Verarbeitung\nder Daten. Die sonstigen w\u00e4hrend des Absendevorgangs verarbeiteten\npersonenbezogenen Daten dienen dazu, einen Missbrauch des Kontaktformulars zu\nverhindern und die Sicherheit unserer informationstechnischen Systeme\nsicherzustellen.<\/p>\n\n\n\n<p><strong>6.4.\nDauer der Speicherung<\/strong><\/p>\n\n\n\n<p>Die Daten\nwerden gel\u00f6scht, sobald sie f\u00fcr die Erreichung des Zweckes ihrer Erhebung nicht\nmehr erforderlich sind. F\u00fcr die personenbezogenen Daten aus der Eingabemaske\ndes Kontaktformulars und diejenigen, die per E-Mail \u00fcbersandt wurden, ist dies\ndann der Fall, wenn die jeweilige Konversation mit dem Nutzer beendet ist.\nBeendet ist die Konversation dann, wenn sich aus den Umst\u00e4nden entnehmen l\u00e4sst,\ndass der betroffene Sachverhalt abschlie\u00dfend gekl\u00e4rt ist. Die w\u00e4hrend des\nAbsendevorgangs zus\u00e4tzlich erhobenen personenbezogenen Daten werden sp\u00e4testens\nnach einer Frist von sieben Tagen gel\u00f6scht.<\/p>\n\n\n\n<p><strong>6.5.\nWiderspruchs- und Beseitigungsm\u00f6glichkeit<\/strong><\/p>\n\n\n\n<p>Der\nNutzer hat jederzeit die M\u00f6glichkeit, seine Einwilligung zur Verarbeitung der\npersonenbezogenen Daten zu widerrufen. Nimmt der Nutzer per Email Kontakt mit\nuns auf, so kann er der Speicherung seiner personenbezogenen Daten jederzeit\nwidersprechen. In einem solchen Fall kann die Konversation nicht fortgef\u00fchrt\nwerden. Alle personenbezogenen Daten, die im Zuge der Kontaktaufnahme\ngespeichert wurden, werden in diesem Fall gel\u00f6scht.<\/p>\n\n\n\n<p><strong>7.\nWebanalyse durch<\/strong><\/p>\n\n\n\n<p><strong>7.1\nUmfang der Verarbeitung personenbezogener Daten<\/strong><\/p>\n\n\n\n<p>Diese\nWebsite benutzt Google Analytics, einen Webanalysedienst der Google Inc, (1600\nAmphitheatre Parkway Mountain View, CA 94043, USA; \u201eGoogle\u201c). Die Nutzung\numfasst die Betriebsart \u201eUniversal Analytics\u201c. Hierdurch ist es m\u00f6glich, Daten,\nSitzungen und Interaktionen \u00fcber mehrere Ger\u00e4te hinweg einer pseudonymen\nUser-ID zuzuordnen und so die Aktivit\u00e4ten eines Nutzers ger\u00e4te\u00fcbergreifend zu\nanalysieren. Google Analytics verwendet sog. \u201eCookies\u201c, Textdateien, die auf\nIhrem Computer gespeichert werden und die eine Analyse der Benutzung der\nWebsite durch Sie erm\u00f6glichen. Die durch das Cookie erzeugten Informationen\n\u00fcber Ihre Benutzung dieser Website werden in der Regel an einen Server von\nGoogle in den USA \u00fcbertragen und dort gespeichert. Im Falle der Aktivierung der\nIP-Anonymisierung auf dieser Website, wird Ihre IP-Adresse von Google jedoch\ninnerhalb von Mitgliedstaaten der Europ\u00e4ischen Union oder in anderen\nVertragsstaaten des Abkommens \u00fcber den Europ\u00e4ischen Wirtschaftsraum zuvor\ngek\u00fcrzt. Nur in Ausnahmef\u00e4llen wird die volle IP-Adresse an einen Server von\nGoogle in den USA \u00fcbertragen und dort gek\u00fcrzt. Die im Rahmen von Google\nAnalytics von Ihrem Browser \u00fcbermittelte IP-Adresse wird nicht mit anderen\nDaten von Google zusammengef\u00fchrt. Im Auftrag des Betreibers dieser Website wird\nGoogle diese Informationen benutzen, um Ihre Nutzung der Website auszuwerten,\num Reports \u00fcber die Websiteaktivit\u00e4ten zusammenzustellen und um weitere mit der\nWebsitenutzung und der Internetnutzung verbundene Dienstleistungen gegen\u00fcber\ndem Websitebetreiber zu erbringen. In diesen Zwecken liegt auch unser\nberechtigtes Interesse an der Datenverarbeitung. Die Rechtsgrundlage f\u00fcr den\nEinsatz von Google Analytics ist \u00a7 15 Abs. 3 TMG bzw. Art. 6 Abs. 1 lit. f\nDSGVO. Die von uns gesendeten und mit Cookies, Nutzerkennungen (z. B. User-ID)\noder Werbe-IDs verkn\u00fcpften Daten werden nach 14 Monaten automatisch gel\u00f6scht.\nDie L\u00f6schung von Daten, deren Aufbewahrungsdauer erreicht ist, erfolgt\nautomatisch einmal im Monat. N\u00e4here Informationen zu Nutzungsbedingungen und\nDatenschutz finden Sie unter <a href=\"https:\/\/www.google.com\/analytics\/terms\/de.html\" target=\"_blank\" rel=\"noreferrer noopener\">https:\/\/www.google.com\/analytics\/terms\/de.html<\/a> bzw. unter <a href=\"https:\/\/policies.google.com\/?hl=de\" target=\"_blank\" rel=\"noreferrer noopener\">https:\/\/policies.google.com\/?hl=de<\/a>.<\/p>\n\n\n\n<p>Sie\nk\u00f6nnen die Speicherung der Cookies durch eine entsprechende Einstellung Ihrer\nBrowser-Software verhindern; wir weisen Sie jedoch darauf hin, dass Sie in\ndiesem Fall gegebenenfalls nicht s\u00e4mtliche Funktionen dieser Website\nvollumf\u00e4nglich werden nutzen k\u00f6nnen. Sie k\u00f6nnen dar\u00fcber hinaus die Erfassung\nder durch das Cookie erzeugten und auf Ihre Nutzung der Website bezogenen Daten\n(inkl. Ihrer IP-Adresse) an Google sowie die Verarbeitung dieser Daten durch\nGoogle verhindern, indem Sie das <a href=\"https:\/\/tools.google.com\/dlpage\/gaoptout?hl=de\" target=\"_blank\" rel=\"noreferrer noopener\">Browser-Add-on<\/a> herunterladen und\ninstallieren. Opt-Out-Cookies verhindern die zuk\u00fcnftige Erfassung Ihrer Daten\nbeim Besuch dieser Website. Um die Erfassung durch Universal Analytics \u00fcber\nverschiedene Ger\u00e4te hinweg zu verhindern, m\u00fcssen Sie das Opt-Out auf allen\ngenutzten Systemen durchf\u00fchren. Wenn Sie hier klicken, wird das Opt-Out-Cookie\ngesetzt: <strong>Google Analytics deaktivieren<\/strong><\/p>\n\n\n\n<p><strong>7.2.\nRechtsgrundlage f\u00fcr die Verarbeitung personenbezogener Daten<\/strong><\/p>\n\n\n\n<p>Rechtsgrundlage\nf\u00fcr die Verarbeitung der personenbezogenen Daten der Nutzer ist Art. 6 Abs. 1\nlit. f DSGVO.<\/p>\n\n\n\n<p><strong>7.3.\nZweck der Datenverarbeitung<\/strong><\/p>\n\n\n\n<p>Die\nVerarbeitung der personenbezogenen Daten der Nutzer erm\u00f6glicht uns eine Analyse\ndes Surfverhaltens unserer Nutzer. Wir sind in durch die Auswertung der\ngewonnen Daten in der Lage, Informationen \u00fcber die Nutzung der einzelnen\nKomponenten unserer Webseite zusammenzustellen. Dies hilft uns dabei unsere\nWebseite und deren Nutzerfreundlichkeit stetig zu verbessern. In diesen Zwecken\nliegt auch unser berechtigtes Interesse in der Verarbeitung der Daten nach Art.\n6 Abs. 1 lit. f DSGVO. Durch die Anonymisierung der IP-Adresse wird dem\nInteresse der Nutzer an deren Schutz personenbezogener Daten hinreichend\nRechnung getragen.<\/p>\n\n\n\n<p><strong>7.4.\nDauer der Speicherung<\/strong><\/p>\n\n\n\n<p>Die Daten\nwerden gel\u00f6scht, sobald sie f\u00fcr unsere Aufzeichnungszwecke nicht mehr ben\u00f6tigt\nwerden. In unserem Fall ist dies sp\u00e4testens nach einem Jahr der Fall.<\/p>\n\n\n\n<p><strong>7.5.\nWiderspruchs- und Beseitigungsm\u00f6glichkeit<\/strong><\/p>\n\n\n\n<p>Cookies\nwerden auf dem Rechner des Nutzers gespeichert und von diesem an unserer Seite\n\u00fcbermittelt. Daher haben Sie als Nutzer auch die volle Kontrolle \u00fcber die\nVerwendung von Cookies. Durch eine \u00c4nderung der Einstellungen in Ihrem\nInternetbrowser k\u00f6nnen Sie die \u00dcbertragung von Cookies deaktivieren oder\neinschr\u00e4nken. Bereits gespeicherte Cookies k\u00f6nnen jederzeit gel\u00f6scht werden.\nDies kann auch automatisiert erfolgen. Werden Cookies f\u00fcr unsere Website\ndeaktiviert, k\u00f6nnen m\u00f6glicherweise nicht mehr alle Funktionen der Website\nvollumf\u00e4nglich genutzt werden.<\/p>\n\n\n\n<p>Wir\nbieten unseren Nutzern auf unserer Website die M\u00f6glichkeit eines Opt-Out aus\ndem Analyseverfahren. Hierzu m\u00fcssen Sie dem entsprechenden Link folgen. Auf\ndiese Weise wird ein weiterer Cookie auf ihrem System gesetzt, der unserem\nSystem signalisiert die Daten des Nutzers nicht zu speichern. L\u00f6scht der Nutzer\nden entsprechenden Cookie zwischenzeitlich vom eigenen System, so muss er den\nOpt-Out-Cookie erneut setzten. Wenn Sie hier klicken, wird das Opt-Out-Cookie\ngesetzt: <strong>Google Analytics deaktivieren<\/strong><\/p>\n\n\n\n<p><strong>8.\nRechte der betroffenen Person<\/strong><\/p>\n\n\n\n<p><strong>8.1.\nAuskunft-Recht<\/strong><\/p>\n\n\n\n<p>Sie\nk\u00f6nnen von dem Verantwortlichen eine Best\u00e4tigung dar\u00fcber verlangen, ob\npersonenbezogene Daten, die Sie betreffen, von uns verarbeitet werden.<br>\nLiegt eine solche Verarbeitung vor, k\u00f6nnen Sie von dem Verantwortlichen \u00fcber\nfolgende Informationen Auskunft verlangen:<\/p>\n\n\n\n<ol class=\"wp-block-list\"><li>die Zwecke, zu\n     denen die personenbezogenen Daten verarbeitet werden;<\/li><li>die Kategorien von\n     personenbezogenen Daten, welche verarbeitet werden;<\/li><li>die Empf\u00e4nger bzw.\n     die Kategorien von Empf\u00e4ngern, gegen\u00fcber denen die Sie betreffenden\n     personenbezogenen Daten offengelegt wurden oder noch offengelegt werden;<\/li><li>die geplante Dauer\n     der Speicherung der Sie betreffenden personenbezogenen Daten oder, falls\n     konkrete Angaben hierzu nicht m\u00f6glich sind, Kriterien f\u00fcr die Festlegung\n     der Speicherdauer;<\/li><li>das Bestehen eines\n     Rechts auf Berichtigung oder L\u00f6schung der Sie betreffenden\n     personenbezogenen Daten, eines Rechts auf Einschr\u00e4nkung der Verarbeitung\n     durch den Verantwortlichen oder eines Widerspruchsrechts gegen diese\n     Verarbeitung;<\/li><li>das Bestehen eines\n     Beschwerderechts bei einer Aufsichtsbeh\u00f6rde;<\/li><li>alle verf\u00fcgbaren\n     Informationen \u00fcber die Herkunft der Daten, wenn die personenbezogenen\n     Daten nicht bei der betroffenen Person erhoben werden;<\/li><li>das Bestehen einer\n     automatisierten Entscheidungsfindung einschlie\u00dflich Profiling gem\u00e4\u00df Art.\n     22 Abs. 1 und 4 DSGVO und \u2013 zumindest in diesen F\u00e4llen \u2013 aussagekr\u00e4ftige\n     Informationen \u00fcber die involvierte Logik sowie die Tragweite und die\n     angestrebten Auswirkungen einer derartigen Verarbeitung f\u00fcr die betroffene\n     Person.<\/li><\/ol>\n\n\n\n<p>Ihnen\nsteht das Recht zu, Auskunft dar\u00fcber zu verlangen, ob die Sie betreffenden\npersonenbezogenen Daten in ein Drittland oder an eine internationale\nOrganisation \u00fcbermittelt werden. In diesem Zusammenhang k\u00f6nnen Sie verlangen,\n\u00fcber die geeigneten Garantien gem. Art. 46 DSGVO im Zusammenhang mit der\n\u00dcbermittlung unterrichtet zu werden. Dieses Auskunftsrecht kann insoweit\nbeschr\u00e4nkt werden, als es voraussichtlich die Verwirklichung der Forschungs-\noder Statistikzwecke unm\u00f6glich macht oder ernsthaft beeintr\u00e4chtigt und die\nBeschr\u00e4nkung f\u00fcr die Erf\u00fcllung der Forschungs- oder Statistikzwecke notwendig\nist.<\/p>\n\n\n\n<p><strong>8.2.\nRecht auf Berichtigung<\/strong><\/p>\n\n\n\n<p>Sie haben\nein Recht auf Berichtigung und\/oder Vervollst\u00e4ndigung gegen\u00fcber dem\nVerantwortlichen, sofern die verarbeiteten personenbezogenen Daten, die Sie\nbetreffen, unrichtig oder unvollst\u00e4ndig sind. Der Verantwortliche hat die\nBerichtigung unverz\u00fcglich vorzunehmen. Ihr Recht auf Berichtigung kann insoweit\nbeschr\u00e4nkt werden, als es voraussichtlich die Verwirklichung der Forschungs-\noder Statistikzwecke unm\u00f6glich macht oder ernsthaft beeintr\u00e4chtigt und die\nBeschr\u00e4nkung f\u00fcr die Erf\u00fcllung der Forschungs- oder Statistikzwecke notwendig\nist.<\/p>\n\n\n\n<p><strong>8.3.\nRecht auf Einschr\u00e4nkung der Verarbeitung<\/strong><\/p>\n\n\n\n<p>Unter den\nfolgenden Voraussetzungen k\u00f6nnen Sie die Einschr\u00e4nkung der Verarbeitung der Sie\nbetreffenden personenbezogenen Daten verlangen:<\/p>\n\n\n\n<ol class=\"wp-block-list\"><li>wenn Sie die\n     Richtigkeit der Sie betreffenden personenbezogenen f\u00fcr eine Dauer\n     bestreiten, die es dem Verantwortlichen erm\u00f6glicht, die Richtigkeit der\n     personenbezogenen Daten zu \u00fcberpr\u00fcfen;<\/li><li>die Verarbeitung\n     unrechtm\u00e4\u00dfig ist und Sie die L\u00f6schung der personenbezogenen Daten ablehnen\n     und stattdessen die Einschr\u00e4nkung der Nutzung der personenbezogenen Daten\n     verlangen;<\/li><li>der\n     Verantwortliche die personenbezogenen Daten f\u00fcr die Zwecke der\n     Verarbeitung nicht l\u00e4nger ben\u00f6tigt, Sie diese jedoch zur Geltendmachung,\n     Aus\u00fcbung oder Verteidigung von Rechtsanspr\u00fcchen ben\u00f6tigen, oder<\/li><li>wenn Sie\n     Widerspruch gegen die Verarbeitung gem\u00e4\u00df Art. 21 Abs. 1 DSGVO eingelegt\n     haben und noch nicht feststeht, ob die berechtigten Gr\u00fcnde des\n     Verantwortlichen gegen\u00fcber Ihren Gr\u00fcnden \u00fcberwiegen.<\/li><\/ol>\n\n\n\n<p>Wurde die\nVerarbeitung der Sie betreffenden personenbezogenen Daten eingeschr\u00e4nkt, d\u00fcrfen\ndiese Daten \u2013 von ihrer Speicherung abgesehen \u2013 nur mit Ihrer Einwilligung oder\nzur Geltendmachung, Aus\u00fcbung oder Verteidigung von Rechtsanspr\u00fcchen oder zum\nSchutz der Rechte einer anderen nat\u00fcrlichen oder juristischen Person oder aus\nGr\u00fcnden eines wichtigen \u00f6ffentlichen Interesses der Union oder eines\nMitgliedstaats verarbeitet werden.<\/p>\n\n\n\n<p>Wurde die\nEinschr\u00e4nkung der Verarbeitung nach den o.g. Voraussetzungen eingeschr\u00e4nkt,\nwerden Sie von dem Verantwortlichen unterrichtet bevor die Einschr\u00e4nkung\naufgehoben wird.<\/p>\n\n\n\n<p>Ihr Recht\nauf Einschr\u00e4nkung der Verarbeitung kann insoweit beschr\u00e4nkt werden, als es\nvoraussichtlich die Verwirklichung der Forschungs- oder Statistikzwecke\nunm\u00f6glich macht oder ernsthaft beeintr\u00e4chtigt und die Beschr\u00e4nkung f\u00fcr die\nErf\u00fcllung der Forschungs- oder Statistikzwecke notwendig ist.<\/p>\n\n\n\n<p><strong>8.4.\nRecht auf L\u00f6schung<\/strong><\/p>\n\n\n\n<p><strong>a)\nL\u00f6schungspflicht<\/strong><\/p>\n\n\n\n<p>Sie\nk\u00f6nnen von dem Verantwortlichen verlangen, dass die Sie betreffenden\npersonenbezogenen Daten unverz\u00fcglich gel\u00f6scht werden, und der Verantwortliche\nist verpflichtet, diese Daten unverz\u00fcglich zu l\u00f6schen, sofern einer der\nfolgenden Gr\u00fcnde zutrifft:<\/p>\n\n\n\n<ol class=\"wp-block-list\"><li>Die Sie\n     betreffenden personenbezogenen Daten sind f\u00fcr die Zwecke, f\u00fcr die sie\n     erhoben oder auf sonstige Weise verarbeitet wurden, nicht mehr notwendig.<\/li><li>Sie widerrufen\n     Ihre Einwilligung, auf die sich die Verarbeitung gem. Art. 6 Abs. 1 lit. a\n     oder Art. 9 Abs. 2 lit. a DSGVO st\u00fctzte, und es fehlt an einer\n     anderweitigen Rechtsgrundlage f\u00fcr die Verarbeitung.<\/li><li>Sie legen gem.\n     Art. 21 Abs. 1 DSGVO Widerspruch gegen die Verarbeitung ein und es liegen\n     keine vorrangigen berechtigten Gr\u00fcnde f\u00fcr die Verarbeitung vor, oder Sie\n     legen gem. Art. 21 Abs. 2 DSGVO Widerspruch gegen die Verarbeitung ein.<\/li><li>Die Sie\n     betreffenden personenbezogenen Daten wurden unrechtm\u00e4\u00dfig verarbeitet.<\/li><li>Die L\u00f6schung der\n     Sie betreffenden personenbezogenen Daten ist zur Erf\u00fcllung einer\n     rechtlichen Verpflichtung nach dem Unionsrecht oder dem Recht der\n     Mitgliedstaaten erforderlich, dem der Verantwortliche unterliegt.<\/li><li>Die Sie\n     betreffenden personenbezogenen Daten wurden in Bezug auf angebotene\n     Dienste der Informationsgesellschaft gem\u00e4\u00df Art. 8 Abs. 1 DSGVO erhoben.<\/li><\/ol>\n\n\n\n<p><strong>b)\nInformation an Dritte<\/strong><\/p>\n\n\n\n<p>Hat der\nVerantwortliche die Sie betreffenden personenbezogenen Daten \u00f6ffentlich gemacht\nund ist er gem. Art. 17 Abs. 1 DSGVO zu deren L\u00f6schung verpflichtet, so trifft\ner unter Ber\u00fccksichtigung der verf\u00fcgbaren Technologie und der\nImplementierungskosten angemessene Ma\u00dfnahmen, auch technischer Art, um f\u00fcr die\nDatenverarbeitung Verantwortliche, die die personenbezogenen Daten verarbeiten,\ndar\u00fcber zu informieren, dass Sie als betroffene Person von ihnen die L\u00f6schung\naller Links zu diesen personenbezogenen Daten oder von Kopien oder\nReplikationen dieser personenbezogenen Daten verlangt haben.<\/p>\n\n\n\n<p><strong>c)\nAusnahmen<\/strong><\/p>\n\n\n\n<p>Das Recht\nauf L\u00f6schung besteht nicht, soweit die Verarbeitung erforderlich ist<\/p>\n\n\n\n<ol class=\"wp-block-list\"><li>zur Aus\u00fcbung des\n     Rechts auf freie Meinungs\u00e4u\u00dferung und Information;<\/li><li>zur Erf\u00fcllung\n     einer rechtlichen Verpflichtung, die die Verarbeitung nach dem Recht der\n     Union oder der Mitgliedstaaten, dem der Verantwortliche unterliegt,\n     erfordert, oder zur Wahrnehmung einer Aufgabe, die im \u00f6ffentlichen\n     Interesse liegt oder in Aus\u00fcbung \u00f6ffentlicher Gewalt erfolgt, die dem\n     Verantwortlichen \u00fcbertragen wurde;<\/li><li>aus Gr\u00fcnden des\n     \u00f6ffentlichen Interesses im Bereich der \u00f6ffentlichen Gesundheit gem\u00e4\u00df Art.\n     9 Abs. 2 lit. h und i sowie Art. 9 Abs. 3 DSGVO;<\/li><li>f\u00fcr im\n     \u00f6ffentlichen Interesse liegende Archivzwecke, wissenschaftliche oder\n     historische Forschungszwecke oder f\u00fcr statistische Zwecke gem. Art. 89\n     Abs. 1 DSGVO, soweit das unter Abschnitt a) genannte Recht voraussichtlich\n     die Verwirklichung der Ziele dieser Verarbeitung unm\u00f6glich macht oder\n     ernsthaft beeintr\u00e4chtigt, oder<\/li><li>zur\n     Geltendmachung, Aus\u00fcbung oder Verteidigung von Rechtsanspr\u00fcchen.<\/li><\/ol>\n\n\n\n<p><strong>8.5.\nRecht auf Unterrichtung<\/strong><\/p>\n\n\n\n<p>Haben Sie\ndas Recht auf Berichtigung, L\u00f6schung oder Einschr\u00e4nkung der Verarbeitung\ngegen\u00fcber dem Verantwortlichen geltend gemacht, ist dieser verpflichtet, allen\nEmpf\u00e4ngern, denen die Sie betreffenden personenbezogenen Daten offengelegt\nwurden, diese Berichtigung oder L\u00f6schung der Daten oder Einschr\u00e4nkung der\nVerarbeitung mitzuteilen, es sei denn, dies erweist sich als unm\u00f6glich oder ist\nmit einem unverh\u00e4ltnism\u00e4\u00dfigen Aufwand verbunden. Ihnen steht gegen\u00fcber dem\nVerantwortlichen das Recht zu, \u00fcber diese Empf\u00e4nger unterrichtet zu werden.<\/p>\n\n\n\n<p><strong>8.6.\nRecht auf Daten\u00fcbertragbarkeit<\/strong><\/p>\n\n\n\n<p>Sie haben\ndas Recht, die Sie betreffenden personenbezogenen Daten, die Sie dem\nVerantwortlichen bereitgestellt haben, in einem strukturierten, g\u00e4ngigen und\nmaschinenlesbaren Format zu erhalten. Au\u00dferdem haben Sie das Recht diese Daten\neinem anderen Verantwortlichen ohne Behinderung durch den Verantwortlichen, dem\ndie personenbezogenen Daten bereitgestellt wurden, zu \u00fcbermitteln, sofern<\/p>\n\n\n\n<ol class=\"wp-block-list\"><li>die Verarbeitung\n     auf einer Einwilligung gem. Art. 6 Abs. 1 lit. a DSGVO oder Art. 9 Abs. 2\n     lit. a DSGVO oder auf einem Vertrag gem. Art. 6 Abs. 1 lit. b DSGVO beruht\n     und<\/li><li>die Verarbeitung\n     mithilfe automatisierter Verfahren erfolgt.<\/li><\/ol>\n\n\n\n<p>In\nAus\u00fcbung dieses Rechts haben Sie ferner das Recht, zu erwirken, dass die Sie\nbetreffenden personenbezogenen Daten direkt von einem Verantwortlichen einem\nanderen Verantwortlichen \u00fcbermittelt werden, soweit dies technisch machbar ist.\nFreiheiten und Rechte anderer Personen d\u00fcrfen hierdurch nicht beeintr\u00e4chtigt\nwerden.<\/p>\n\n\n\n<p>Das Recht\nauf Daten\u00fcbertragbarkeit gilt nicht f\u00fcr eine Verarbeitung personenbezogener\nDaten, die f\u00fcr die Wahrnehmung einer Aufgabe erforderlich ist, die im\n\u00f6ffentlichen Interesse liegt oder in Aus\u00fcbung \u00f6ffentlicher Gewalt erfolgt, die\ndem Verantwortlichen \u00fcbertragen wurde.<\/p>\n\n\n\n<p><strong>8.7.\nWiderspruchsrecht<\/strong><\/p>\n\n\n\n<p>Sie haben\ndas Recht, aus Gr\u00fcnden, die sich aus ihrer besonderen Situation ergeben,\njederzeit gegen die Verarbeitung der Sie betreffenden personenbezogenen Daten,\ndie aufgrund von Art. 6 Abs. 1 lit. e oder f DSGVO erfolgt, Widerspruch\neinzulegen; dies gilt auch f\u00fcr ein auf diese Bestimmungen gest\u00fctztes Profiling.\nDer Verantwortliche verarbeitet die Sie betreffenden personenbezogenen Daten\nnicht mehr, es sei denn, er kann zwingende schutzw\u00fcrdige Gr\u00fcnde f\u00fcr die\nVerarbeitung nachweisen, die Ihre Interessen, Rechte und Freiheiten \u00fcberwiegen,\noder die Verarbeitung dient der Geltendmachung, Aus\u00fcbung oder Verteidigung von\nRechtsanspr\u00fcchen.<\/p>\n\n\n\n<p>Werden\ndie Sie betreffenden personenbezogenen Daten verarbeitet, um Direktwerbung zu\nbetreiben, haben Sie das Recht, jederzeit Widerspruch gegen die Verarbeitung\nder Sie betreffenden personenbezogenen Daten zum Zwecke derartiger Werbung\neinzulegen; dies gilt auch f\u00fcr das Profiling, soweit es mit solcher\nDirektwerbung in Verbindung steht. Widersprechen Sie der Verarbeitung f\u00fcr\nZwecke der Direktwerbung, so werden die Sie betreffenden personenbezogenen\nDaten nicht mehr f\u00fcr diese Zwecke verarbeitet.<\/p>\n\n\n\n<p>Sie haben\ndie M\u00f6glichkeit, im Zusammenhang mit der Nutzung von Diensten der\nInformationsgesellschaft \u2013 ungeachtet der Richtlinie 2002\/58\/EG \u2013 Ihr\nWiderspruchsrecht mittels automatisierter Verfahren auszu\u00fcben, bei denen\ntechnische Spezifikationen verwendet werden. Sie haben auch das Recht, aus\nGr\u00fcnden, die sich aus Ihrer besonderen Situation ergeben, bei der Verarbeitung\nSie betreffender personenbezogener Daten, die zu wissenschaftlichen oder\nhistorischen Forschungszwecken oder zu statistischen Zwecken gem. Art. 89 Abs.\n1 DSGVO erfolgt, dieser zu widersprechen.<\/p>\n\n\n\n<p>Ihr\nWiderspruchsrecht kann insoweit beschr\u00e4nkt werden, als es voraussichtlich die\nVerwirklichung der Forschungs- oder Statistikzwecke unm\u00f6glich macht oder\nernsthaft beeintr\u00e4chtigt und die Beschr\u00e4nkung f\u00fcr die Erf\u00fcllung der Forschungs-\noder Statistikzwecke notwendig ist.<\/p>\n\n\n\n<p><strong>8.8.\nRecht auf Widerruf der datenschutzrechtlichen Einwilligungserkl\u00e4rung<\/strong><\/p>\n\n\n\n<p>Sie haben\ndas Recht, Ihre datenschutzrechtliche Einwilligungserkl\u00e4rung jederzeit zu\nwiderrufen. Durch den Widerruf der Einwilligung wird die Rechtm\u00e4\u00dfigkeit der\naufgrund der Einwilligung bis zum Widerruf erfolgten Verarbeitung nicht\nber\u00fchrt.<\/p>\n\n\n\n<p><strong>8.9.\nAutomatisierte Entscheidung im Einzelfall einschlie\u00dflich Profiling<\/strong><\/p>\n\n\n\n<p>Sie haben\ndas Recht, nicht einer ausschlie\u00dflich auf einer automatisierten Verarbeitung \u2013\neinschlie\u00dflich Profiling \u2013 beruhenden Entscheidung unterworfen zu werden, die\nIhnen gegen\u00fcber rechtliche Wirkung entfaltet oder Sie in \u00e4hnlicher Weise\nerheblich beeintr\u00e4chtigt. Dies gilt nicht, wenn die Entscheidung<\/p>\n\n\n\n<p>(1) f\u00fcr\nden Abschluss oder die Erf\u00fcllung eines Vertrags zwischen Ihnen und dem\nVerantwortlichen erforderlich ist,<br>\n<br>\n<br>\n<\/p>\n\n\n\n<p>(2)\naufgrund von Rechtsvorschriften der Union oder der Mitgliedstaaten, denen der\nVerantwortliche unterliegt, zul\u00e4ssig ist und diese Rechtsvorschriften\nangemessene Ma\u00dfnahmen zur Wahrung Ihrer Rechte und Freiheiten sowie Ihrer\nberechtigten Interessen enthalten oder<br>\n<br>\n<br>\n<\/p>\n\n\n\n<p>(3) mit\nIhrer ausdr\u00fccklichen Einwilligung erfolgt.<\/p>\n\n\n\n<p>Allerdings\nd\u00fcrfen diese Entscheidungen nicht auf besonderen Kategorien personenbezogener\nDaten nach Art. 9 Abs. 1 DSGVO beruhen, sofern nicht Art. 9 Abs. 2 lit. a oder\ng DSGVO gilt und angemessene Ma\u00dfnahmen zum Schutz der Rechte und Freiheiten\nsowie Ihrer berechtigten Interessen getroffen wurden.<br>\n<br>\n<br>\n<\/p>\n\n\n\n<p>Hinsichtlich\nder in (1) und (3) genannten F\u00e4lle trifft der Verantwortliche angemessene\nMa\u00dfnahmen, um die Rechte und Freiheiten sowie Ihre berechtigten Interessen zu\nwahren, wozu mindestens das Recht auf Erwirkung des Eingreifens einer Person\nseitens des Verantwortlichen, auf Darlegung des eigenen Standpunkts und auf\nAnfechtung der Entscheidung geh\u00f6rt.<\/p>\n\n\n\n<p><strong>8.10. Recht auf Beschwerde bei einer Aufsichtsbeh\u00f6rde<\/strong><\/p>\n\n\n\n<p>Unbeschadet\neines anderweitigen verwaltungsrechtlichen oder gerichtlichen Rechtsbehelfs\nsteht Ihnen das Recht auf Beschwerde bei einer Aufsichtsbeh\u00f6rde, insbesondere\nin dem Mitgliedstaat ihres Aufenthaltsorts, ihres Arbeitsplatzes oder des Orts\ndes mutma\u00dflichen Versto\u00dfes, zu, wenn Sie der Ansicht sind, dass die\nVerarbeitung der Sie betreffenden personenbezogenen Daten gegen die DSGVO\nverst\u00f6\u00dft.<\/p>\n\n\n\n<p>Die\nAufsichtsbeh\u00f6rde, bei der die Beschwerde eingereicht wurde, unterrichtet den\nBeschwerdef\u00fchrer \u00fcber den Stand und die Ergebnisse der Beschwerde\neinschlie\u00dflich der M\u00f6glichkeit eines gerichtlichen Rechtsbehelfs nach Art. 78\nDSGVO.<\/p>\n\n\n\n<p>Stand: April 2019<\/p>\n\n\n\n<p>Die Adresse unserer Website ist: http:\/\/image-trackers.de.<\/p>\n","protected":false},"excerpt":{"rendered":"<p>Impressum\/Datenschutz Impressum\/Datenschutz Angaben gem\u00e4\u00df \u00a7 5 TMG: Verantwortlich: Hans-Dieter Doeblin M\u00e4rkischestr. 64 44141 Dortmund Kontakt: Tel: +49 (0)231 912 82 70 Email: info@image-trackers.de Datenschutz Der Verantwortliche im Sinne der Datenschutz-Grundverordnung (DSGVO) und anderer nationaler Datenschutzgesetze der Mitgliedsstaaten der EU sowie sonstiger datenschutzrechtlicher Bestimmungen ist: Hans-Dieter Doeblin Autor M\u00e4rkischestr. 64 44141 Dortmund Kontakt: Tel: +49 (0)231 &hellip; <\/p>\n<p class=\"link-more\"><a href=\"https:\/\/image-trackers.de\/?page_id=19\" class=\"more-link\"><span class=\"screen-reader-text\">\u201eDatenschutzerkl\u00e4rung\u201c <\/span>weiterlesen<\/a><\/p>\n","protected":false},"author":1,"featured_media":0,"parent":0,"menu_order":70,"comment_status":"closed","ping_status":"closed","template":"","meta":{"footnotes":""},"class_list":["post-19","page","type-page","status-publish","hentry"],"_links":{"self":[{"href":"https:\/\/image-trackers.de\/index.php?rest_route=\/wp\/v2\/pages\/19","targetHints":{"allow":["GET"]}}],"collection":[{"href":"https:\/\/image-trackers.de\/index.php?rest_route=\/wp\/v2\/pages"}],"about":[{"href":"https:\/\/image-trackers.de\/index.php?rest_route=\/wp\/v2\/types\/page"}],"author":[{"embeddable":true,"href":"https:\/\/image-trackers.de\/index.php?rest_route=\/wp\/v2\/users\/1"}],"replies":[{"embeddable":true,"href":"https:\/\/image-trackers.de\/index.php?rest_route=%2Fwp%2Fv2%2Fcomments&post=19"}],"version-history":[{"count":1,"href":"https:\/\/image-trackers.de\/index.php?rest_route=\/wp\/v2\/pages\/19\/revisions"}],"predecessor-version":[{"id":20,"href":"https:\/\/image-trackers.de\/index.php?rest_route=\/wp\/v2\/pages\/19\/revisions\/20"}],"wp:attachment":[{"href":"https:\/\/image-trackers.de\/index.php?rest_route=%2Fwp%2Fv2%2Fmedia&parent=19"}],"curies":[{"name":"wp","href":"https:\/\/api.w.org\/{rel}","templated":true}]}}